{"id":963,"date":"2022-10-04T12:00:10","date_gmt":"2022-10-04T12:00:10","guid":{"rendered":"https:\/\/ifage-grund.de\/wp\/?page_id=963"},"modified":"2022-11-25T11:57:04","modified_gmt":"2022-11-25T11:57:04","slug":"ausstellungsarchiv-28","status":"publish","type":"page","link":"https:\/\/ifage-grund.de\/wp\/?page_id=963","title":{"rendered":"Ausstellungsarchiv (28)"},"content":{"rendered":"\r\n<p><strong>Mixed<br>Nadine Tannreuther &amp; Gerd Wernicke<\/strong><\/p>\r\n\r\n\r\n\r\n<p><strong>Ausstellungszeitraum: 24.03.2022 bis 30.09.2022<\/strong><br><strong><a href=\"https:\/\/ifage-grund.de\/wp\/?page_id=400\">zur\u00fcck zur aktuellen Ausstellung<\/a><\/strong><\/p>\r\n\r\n\r\n\r\n<p>Nach der Auseinandersetzung mit verschiedenen Maltechniken arbeitet Gerd Wernicke inzwischen prim\u00e4r mit Acryl- und manchmal mit Aquarellfarben. Inspiriert von K\u00fcnstlern wie z.B. Andy Warhol, Roy Lichtenstein und James Francis Gill komponiert und fertigt er seine Werke in klassischer Art oder als Kombination von Zeichnung, Malerei, Bildbearbeitung und Druck.&nbsp;<\/p>\r\n\r\n\r\n\r\n<p>Zusammen mit Nadine Tannreuther drehen sich die Themen der Ausstellung um den Menschen an sich sowie die Natur in ihrer sp\u00fcrbarer Verbundenheit, mit den Kr\u00e4ften die ihre Beziehung wahr werden l\u00e4sst. Mal naturgetreu, mal plastisch, mal schrill. ,,MIXED\u201c ist eine Gemeinschaftsausstellung die sich in den Raum einspielt, und mit vielen Themen \u00fcberrascht. Werden Sie Teil der Ausstellung und erkunden aktiv die Werke der beiden Wiesbadener, die nach diversen Ausstellungen im In- und Ausland nun wieder einmal in der Landeshauptstadt Hessens ausstellen.<\/p>\r\n\r\n\r\n\r\n\r\n\r\nngg_shortcode_0_placeholder\r\n<p>Ihr erstes Bild malte Nadine Tannreuther mit drei Jahren auf einen flachen Stein: ein Blumenbeet. Die 31-J\u00e4hrige hat sich mit verschiedenen Maltechniken wie Aquarell, \u00d6l und Acryl befasst. Sie arbeitet mit Fotografie sowie dem Einarbeiten von Naturmaterialien und Stoffen<\/p>\r\n\r\n\r\n\r\n<p>Die Ausstellung ist bis September 2022 im Glaspavillon der IFAGE zu besichtigen.<br><strong>\u00d6ffnungszeiten:<\/strong> Montag bis Freitag von 8:00-18:00 Uhr und Samstag von 8:00-13:00 Uhr<\/p>\r\n\r\n\r\n\r\n<p>Die Ausstellung kann auch aktuell zu den genannten \u00d6ffnungszeiten besucht werden.&nbsp; Beachten Sie bitte die jeweilig aktuell geltenden Vorsichtsma\u00dfnahmen (Abstandsregeln und keine Gruppenbesuche)<\/p>\r\n\r\n\r\n\r\n<p><a href=\"https:\/\/ifage-grund.de\/wp\/?page_id=400\">zur\u00fcck zur aktuellen Ausstellung<\/a><\/p>\r\n","protected":false},"excerpt":{"rendered":"<p>MixedNadine Tannreuther &amp; Gerd Wernicke Ausstellungszeitraum: 24.03.2022 bis 30.09.2022zur\u00fcck zur aktuellen Ausstellung Nach der Auseinandersetzung mit verschiedenen Maltechniken arbeitet Gerd Wernicke inzwischen prim\u00e4r mit Acryl- und manchmal mit Aquarellfarben. Inspiriert von K\u00fcnstlern wie z.B. Andy Warhol, Roy Lichtenstein und James &hellip; <a href=\"https:\/\/ifage-grund.de\/wp\/?page_id=963\">Weiterlesen <span class=\"meta-nav\">&rarr;<\/span><\/a><\/p>\n","protected":false},"author":1,"featured_media":0,"parent":0,"menu_order":0,"comment_status":"closed","ping_status":"closed","template":"","meta":{"ngg_post_thumbnail":0,"footnotes":""},"class_list":["post-963","page","type-page","status-publish","hentry"],"_links":{"self":[{"href":"https:\/\/ifage-grund.de\/wp\/index.php?rest_route=\/wp\/v2\/pages\/963","targetHints":{"allow":["GET"]}}],"collection":[{"href":"https:\/\/ifage-grund.de\/wp\/index.php?rest_route=\/wp\/v2\/pages"}],"about":[{"href":"https:\/\/ifage-grund.de\/wp\/index.php?rest_route=\/wp\/v2\/types\/page"}],"author":[{"embeddable":true,"href":"https:\/\/ifage-grund.de\/wp\/index.php?rest_route=\/wp\/v2\/users\/1"}],"replies":[{"embeddable":true,"href":"https:\/\/ifage-grund.de\/wp\/index.php?rest_route=%2Fwp%2Fv2%2Fcomments&post=963"}],"version-history":[{"count":5,"href":"https:\/\/ifage-grund.de\/wp\/index.php?rest_route=\/wp\/v2\/pages\/963\/revisions"}],"predecessor-version":[{"id":1238,"href":"https:\/\/ifage-grund.de\/wp\/index.php?rest_route=\/wp\/v2\/pages\/963\/revisions\/1238"}],"wp:attachment":[{"href":"https:\/\/ifage-grund.de\/wp\/index.php?rest_route=%2Fwp%2Fv2%2Fmedia&parent=963"}],"curies":[{"name":"wp","href":"https:\/\/api.w.org\/{rel}","templated":true}]}}