{"id":822,"date":"2020-04-27T07:45:16","date_gmt":"2020-04-27T07:45:16","guid":{"rendered":"https:\/\/ifage-grund.de\/wp\/?page_id=822"},"modified":"2022-11-25T11:53:13","modified_gmt":"2022-11-25T11:53:13","slug":"ausstellungsarchiv-23","status":"publish","type":"page","link":"https:\/\/ifage-grund.de\/wp\/?page_id=822","title":{"rendered":"Ausstellungsarchiv (23)"},"content":{"rendered":"<p><strong>SCHARLATAN TRIFFT G\u00d6TTIN<br \/>\nAusstellung des K\u00fcnstlers J\u00f6rg Stein<br \/>\nAusstellungszeitraum: 07.11.2019 bis 15.04.2020<br \/>\n<a href=\"https:\/\/ifage-grund.de\/wp\/?page_id=400\">zur\u00fcck zur aktuellen Ausstellung<\/a><\/strong><\/p>\n<p>Mit einem federnden Zwiegespr\u00e4ch werden der Wiesbadener K\u00fcnstler Bernd Brach und der Bildhauer J\u00f6rg Stein am 7. November 2019 um 17:30 Uhr in der Galerie IFAGE Unter den Eichen 7 in Wiesbaden die Ausstellung von J\u00f6rg Stein er\u00f6ffnen.<\/p>\n<p>ngg_shortcode_0_placeholderJ\u00f6rg Stein zeigt Materialarbeiten aus den Stoffen Leder, Rupfen, Leinen, Blech, Blei, Pergament. Namensgebend f\u00fcr die Ausstellung waren einige Werke mit erotischem Inhalt. Stein, jetzt in seinem Biotop f\u00fcr Kunst und Poesie in L\u00f6tzbeuren im Hunsr\u00fcck lebend, freut sich, die Pr\u00e4sentation seiner Arbeit in Wiesbaden, wo er in legend\u00e4ren Zeiten in den Brunnen-Kollonaden (70iger Jahre) erste k\u00fcnstlerische Gehversuche machte, zeigen zu k\u00f6nnen.<\/p>\n<p>Die Ausstellung ist bis April 2020 im Glaspavillon der IFAGE zu besichtigen.<br \/>\n\u00d6ffnungszeiten: Montag bis Freitag von 8:00-18:00 Uhr und Samstag von 8:00-13:00 Uhr<\/p>\n<p><a href=\"https:\/\/ifage-grund.de\/wp\/?page_id=400\">zur\u00fcck zur aktuellen Ausstellung<\/a><\/p>\n","protected":false},"excerpt":{"rendered":"<p>SCHARLATAN TRIFFT G\u00d6TTIN Ausstellung des K\u00fcnstlers J\u00f6rg Stein Ausstellungszeitraum: 07.11.2019 bis 15.04.2020 zur\u00fcck zur aktuellen Ausstellung Mit einem federnden Zwiegespr\u00e4ch werden der Wiesbadener K\u00fcnstler Bernd Brach und der Bildhauer J\u00f6rg Stein am 7. November 2019 um 17:30 Uhr in der &hellip; <a href=\"https:\/\/ifage-grund.de\/wp\/?page_id=822\">Weiterlesen <span class=\"meta-nav\">&rarr;<\/span><\/a><\/p>\n","protected":false},"author":1,"featured_media":0,"parent":0,"menu_order":0,"comment_status":"closed","ping_status":"closed","template":"","meta":{"ngg_post_thumbnail":0,"footnotes":""},"class_list":["post-822","page","type-page","status-publish","hentry"],"_links":{"self":[{"href":"https:\/\/ifage-grund.de\/wp\/index.php?rest_route=\/wp\/v2\/pages\/822","targetHints":{"allow":["GET"]}}],"collection":[{"href":"https:\/\/ifage-grund.de\/wp\/index.php?rest_route=\/wp\/v2\/pages"}],"about":[{"href":"https:\/\/ifage-grund.de\/wp\/index.php?rest_route=\/wp\/v2\/types\/page"}],"author":[{"embeddable":true,"href":"https:\/\/ifage-grund.de\/wp\/index.php?rest_route=\/wp\/v2\/users\/1"}],"replies":[{"embeddable":true,"href":"https:\/\/ifage-grund.de\/wp\/index.php?rest_route=%2Fwp%2Fv2%2Fcomments&post=822"}],"version-history":[{"count":7,"href":"https:\/\/ifage-grund.de\/wp\/index.php?rest_route=\/wp\/v2\/pages\/822\/revisions"}],"predecessor-version":[{"id":1233,"href":"https:\/\/ifage-grund.de\/wp\/index.php?rest_route=\/wp\/v2\/pages\/822\/revisions\/1233"}],"wp:attachment":[{"href":"https:\/\/ifage-grund.de\/wp\/index.php?rest_route=%2Fwp%2Fv2%2Fmedia&parent=822"}],"curies":[{"name":"wp","href":"https:\/\/api.w.org\/{rel}","templated":true}]}}