{"id":797,"date":"2019-10-09T14:07:53","date_gmt":"2019-10-09T14:07:53","guid":{"rendered":"https:\/\/ifage-grund.de\/wp\/?page_id=797"},"modified":"2022-11-25T11:52:38","modified_gmt":"2022-11-25T11:52:38","slug":"ausstellungsarchiv-22","status":"publish","type":"page","link":"https:\/\/ifage-grund.de\/wp\/?page_id=797","title":{"rendered":"Ausstellungsarchiv (22)"},"content":{"rendered":"<p><strong>Retrospektive:<br \/>\nBilder des Berliner Malers Hjalmar Thelent<br \/>\nAusstellungszeitraum: 18.07.2019 bis 31.10.2019<br \/>\n<a href=\"https:\/\/ifage-grund.de\/wp\/?page_id=400\">zur\u00fcck zur aktuellen Ausstellung<\/a><\/strong><\/p>\n<p>Hjalmar Thelen (1962-2017) wuchs in Frankfurt am Main auf und lebte seit 1983 in Berlin. Der Nonkonformist hatte sich bewusst f\u00fcr ein Leben jenseits b\u00fcrgerlicher Normen und Konventionen entschieden und war damit Teil der typisch West-Berliner Boh\u00e8me der 80er und 90er Jahre des 20. Jahrhunderts. Statt mit der Malerei Geld zu verdienen, suchte er sich einfache Jobs, z.B. als Verk\u00e4ufer in einer D\u00f6nerbude, als Putzmann oder als Hilfsarbeiter bei Siemens und arbeitete dort gerade so viel, dass es reichte, um auf einfachsten Niveau in seiner 2-Zimmer-Wohnung mit Kohle\u00f6fen im Wedding zu leben. Er ging kaum aus, trug Second-Hand-Klamotten \u2013 Hauptsache, er hatte Geld f\u00fcr Farben und Zeit zum Malen. Ob Stillleben, Landschaft oder Portr\u00e4t: Als Chronist des Allt\u00e4glichen l\u00e4sst er uns an seiner ganz pers\u00f6nlichen Sicht auf die Welt teilhaben. Neben Thelens Arbeiten sind korrespondierende Fotografien seiner Schwester zu sehen.<\/p>\n<p>ngg_shortcode_0_placeholderDie Ausstellung ist bis zum 31. Oktober 2019 im Glaspavillon der IFAGE zu besichtigen.<br \/>\n\u00d6ffnungszeiten: Montag bis Freitag von 8:00-18:00 Uhr und Samstag von 8:00-13:00 Uhr<\/p>\n<p>&nbsp;<\/p>\n<p><a href=\"https:\/\/ifage-grund.de\/wp\/?page_id=400\">zur\u00fcck zur aktuellen Ausstellung<\/a><\/p>\n","protected":false},"excerpt":{"rendered":"<p>Retrospektive: Bilder des Berliner Malers Hjalmar Thelent Ausstellungszeitraum: 18.07.2019 bis 31.10.2019 zur\u00fcck zur aktuellen Ausstellung Hjalmar Thelen (1962-2017) wuchs in Frankfurt am Main auf und lebte seit 1983 in Berlin. Der Nonkonformist hatte sich bewusst f\u00fcr ein Leben jenseits b\u00fcrgerlicher &hellip; <a href=\"https:\/\/ifage-grund.de\/wp\/?page_id=797\">Weiterlesen <span class=\"meta-nav\">&rarr;<\/span><\/a><\/p>\n","protected":false},"author":1,"featured_media":0,"parent":0,"menu_order":0,"comment_status":"closed","ping_status":"closed","template":"","meta":{"ngg_post_thumbnail":0,"footnotes":""},"class_list":["post-797","page","type-page","status-publish","hentry"],"_links":{"self":[{"href":"https:\/\/ifage-grund.de\/wp\/index.php?rest_route=\/wp\/v2\/pages\/797","targetHints":{"allow":["GET"]}}],"collection":[{"href":"https:\/\/ifage-grund.de\/wp\/index.php?rest_route=\/wp\/v2\/pages"}],"about":[{"href":"https:\/\/ifage-grund.de\/wp\/index.php?rest_route=\/wp\/v2\/types\/page"}],"author":[{"embeddable":true,"href":"https:\/\/ifage-grund.de\/wp\/index.php?rest_route=\/wp\/v2\/users\/1"}],"replies":[{"embeddable":true,"href":"https:\/\/ifage-grund.de\/wp\/index.php?rest_route=%2Fwp%2Fv2%2Fcomments&post=797"}],"version-history":[{"count":5,"href":"https:\/\/ifage-grund.de\/wp\/index.php?rest_route=\/wp\/v2\/pages\/797\/revisions"}],"predecessor-version":[{"id":1232,"href":"https:\/\/ifage-grund.de\/wp\/index.php?rest_route=\/wp\/v2\/pages\/797\/revisions\/1232"}],"wp:attachment":[{"href":"https:\/\/ifage-grund.de\/wp\/index.php?rest_route=%2Fwp%2Fv2%2Fmedia&parent=797"}],"curies":[{"name":"wp","href":"https:\/\/api.w.org\/{rel}","templated":true}]}}