{"id":24,"date":"2017-07-11T14:34:02","date_gmt":"2017-07-11T14:34:02","guid":{"rendered":"http:\/\/ifage-grund.de\/wp\/?page_id=24"},"modified":"2017-09-13T17:13:52","modified_gmt":"2017-09-13T17:13:52","slug":"home","status":"publish","type":"page","link":"https:\/\/ifage-grund.de\/wp\/?page_id=24","title":{"rendered":"Willkommen"},"content":{"rendered":"<div class=\"ce_text block\">\n<div class=\"image-with-text\">\n<div class=\"articleText\">\n<p>In Wiesbadens gr\u00fcnem Nordend, am Standort \u201cUnter den Eichen\u201d, umgeben von schattigen B\u00e4umen und ruhigen Spazierwegen, vermietet die IFAGE Grundst\u00fccksverwaltungs GmbH B\u00fcroetagen oder einzelne B\u00fcror\u00e4ume in verschiedenen Gr\u00f6\u00dfen und Zuschnitten.<\/p>\n<p>Die Geb\u00e4ude, ehemals die Sendezentrale des ZDF, sind modern ausgestattet und gut erreichbar. Die hellen B\u00fcros mit gro\u00dfen Fensterfl\u00e4chen und Blick ins Gr\u00fcne sind flexibel abteilbar und bieten vielen kleinen und gro\u00dfen Firmen eine sehr angenehme Arbeitsatmosph\u00e4re.<\/p>\n<p>Informieren Sie sich auf diesen Seiten \u00fcber die Details und Vorteile unserer Mietfl\u00e4chen. Vielleicht k\u00f6nnen wir auch Ihre Firma bald als Mieter begr\u00fc\u00dfen. Wir w\u00fcrden uns freuen!<\/p>\n<\/div>\n<\/div>\n<p style=\"text-align: left;\">\n<\/div>\n","protected":false},"excerpt":{"rendered":"<p>In Wiesbadens gr\u00fcnem Nordend, am Standort \u201cUnter den Eichen\u201d, umgeben von schattigen B\u00e4umen und ruhigen Spazierwegen, vermietet die IFAGE Grundst\u00fccksverwaltungs GmbH B\u00fcroetagen oder einzelne B\u00fcror\u00e4ume in verschiedenen Gr\u00f6\u00dfen und Zuschnitten. Die Geb\u00e4ude, ehemals die Sendezentrale des ZDF, sind modern ausgestattet &hellip; <a href=\"https:\/\/ifage-grund.de\/wp\/?page_id=24\">Weiterlesen <span class=\"meta-nav\">&rarr;<\/span><\/a><\/p>\n","protected":false},"author":1,"featured_media":0,"parent":0,"menu_order":0,"comment_status":"closed","ping_status":"closed","template":"sidebar-page.php","meta":{"ngg_post_thumbnail":0,"footnotes":""},"class_list":["post-24","page","type-page","status-publish","hentry"],"_links":{"self":[{"href":"https:\/\/ifage-grund.de\/wp\/index.php?rest_route=\/wp\/v2\/pages\/24","targetHints":{"allow":["GET"]}}],"collection":[{"href":"https:\/\/ifage-grund.de\/wp\/index.php?rest_route=\/wp\/v2\/pages"}],"about":[{"href":"https:\/\/ifage-grund.de\/wp\/index.php?rest_route=\/wp\/v2\/types\/page"}],"author":[{"embeddable":true,"href":"https:\/\/ifage-grund.de\/wp\/index.php?rest_route=\/wp\/v2\/users\/1"}],"replies":[{"embeddable":true,"href":"https:\/\/ifage-grund.de\/wp\/index.php?rest_route=%2Fwp%2Fv2%2Fcomments&post=24"}],"version-history":[{"count":14,"href":"https:\/\/ifage-grund.de\/wp\/index.php?rest_route=\/wp\/v2\/pages\/24\/revisions"}],"predecessor-version":[{"id":337,"href":"https:\/\/ifage-grund.de\/wp\/index.php?rest_route=\/wp\/v2\/pages\/24\/revisions\/337"}],"wp:attachment":[{"href":"https:\/\/ifage-grund.de\/wp\/index.php?rest_route=%2Fwp%2Fv2%2Fmedia&parent=24"}],"curies":[{"name":"wp","href":"https:\/\/api.w.org\/{rel}","templated":true}]}}