{"id":1252,"date":"2023-02-13T13:09:57","date_gmt":"2023-02-13T13:09:57","guid":{"rendered":"https:\/\/ifage-grund.de\/wp\/?page_id=1252"},"modified":"2023-02-13T13:17:31","modified_gmt":"2023-02-13T13:17:31","slug":"ausstellungsarchiv-29","status":"publish","type":"page","link":"https:\/\/ifage-grund.de\/wp\/?page_id=1252","title":{"rendered":"Ausstellungsarchiv (29)"},"content":{"rendered":"<p><strong>Gisela Sch\u00e4fer WAS \u00dcBERDAUERT \u2026 eine Retrospektive<\/strong><\/p>\r\n<p><strong>Ausstellungszeitraum: 20.10.2022 bis 15.02.2023<br><\/strong> <strong><a href=\"https:\/\/ifage-grund.de\/wp\/?page_id=400\">zur\u00fcck zur aktuellen Ausstellung<\/a><\/strong><\/p>\r\n<!-- \/wp:post-content -->\r\n\r\n<!-- wp:paragraph \/-->\r\n\r\n<!-- wp:paragraph -->\r\n<p>Im Jahr 2017 pr\u00e4sentierte die IFAGE mit PHANTASE II eine vielbeachtete Gemeinschaftsausstellung der Hochheimer K\u00fcnstlerin Gisela Sch\u00e4fer mit ihrem Sohn Simon Sch\u00e4fer. &nbsp;Nun blicken wir nach ihrem viel zu fr\u00fchen Tod im Januar 2020 auf die letzten Jahre ihres k\u00fcnstlerischen Schaffens zur\u00fcck, um festzustellen, was von ihrem vielseitigen Werk \u00fcberdauert.<\/p>\r\n<p>Da ist zum einen die Malerei, bei der der Serientitel <em>Vom Treibenlassen<\/em> \u00fcber dem Gesamtwerk stehen k\u00f6nnte, denn Gisela Sch\u00e4fer hat sich nie auf eine einzige Technik oder ein inhaltliches Thema beschr\u00e4nkt.<\/p>\r\n<p>Zum anderen ist es die ungew\u00f6hnliche Kombination dieser Malerei mit zeichnerischen Elementen: Kosmisch anmutende Geflechte gehen von sternartigen Zentren aus und bilden Netze, sich verdichtende, r\u00e4tselhafte Strukturen. Sp\u00e4ter beruhigt sich die unendliche Linie wieder, gleichf\u00f6rmige Netze \u00fcberziehen die Bilder, es entsteht beinahe eine Monochromie durch die hellen oder dunklen Liniengitter vor den malerisch gestalteten Fl\u00e4chen.<\/p>\r\nngg_shortcode_0_placeholder\r\n<p>Und schlie\u00dflich zeigen die letzten Bilder von 2019 eine v\u00f6llig zur Ruhe gekommene Malerei. Jede expressive Bewegung ist getilgt in pastellfarbenen wolkigen Monochromien. Es ist ein Atmen der Farbe, ein Innehalten gleichsam.<\/p>\r\n<p>Die Retrospektive l\u00e4dt alle Besucherinnen und Besucher ein, sich die verschiedenen Aspekte der Kunst von Gisela Sch\u00e4fer anzuschauen, zu bewerten und f\u00fcr sich selbst zu entscheiden, was \u00fcberdauert und weiterlebt.<\/p>\r\n<!-- \/wp:paragraph -->\r\n\r\n<!-- wp:paragraph -->\r\n<p>Die Ausstellung ist bis Februar 2023 im Glaspavillon der IFAGE zu besichtigen. <br><strong>\u00d6ffnungszeiten:<\/strong> Montag bis Freitag von 8:00-18:00 Uhr und Samstag von 8:00-13:00 Uhr<\/p>\r\n<!-- \/wp:paragraph -->\r\n\r\n<!-- wp:paragraph -->\r\n<p>Die Ausstellung kann auch aktuell zu den genannten \u00d6ffnungszeiten besucht werden.&nbsp; Beachten Sie bitte die jeweilig aktuell geltenden Vorsichtsma\u00dfnahmen (Abstandsregeln und keine Gruppenbesuche).<\/p>\r\n<!-- \/wp:paragraph -->\r\n\r\n<!-- wp:paragraph -->\r\n<p><a href=\"https:\/\/ifage-grund.de\/wp\/?page_id=400\">zur\u00fcck zur aktuellen Ausstellung<\/a><\/p>","protected":false},"excerpt":{"rendered":"<p>Gisela Sch\u00e4fer WAS \u00dcBERDAUERT \u2026 eine Retrospektive Ausstellungszeitraum: 20.10.2022 bis 15.02.2023 zur\u00fcck zur aktuellen Ausstellung Im Jahr 2017 pr\u00e4sentierte die IFAGE mit PHANTASE II eine vielbeachtete Gemeinschaftsausstellung der Hochheimer K\u00fcnstlerin Gisela Sch\u00e4fer mit ihrem Sohn Simon Sch\u00e4fer. &nbsp;Nun blicken wir &hellip; <a href=\"https:\/\/ifage-grund.de\/wp\/?page_id=1252\">Weiterlesen <span class=\"meta-nav\">&rarr;<\/span><\/a><\/p>\n","protected":false},"author":1,"featured_media":0,"parent":0,"menu_order":0,"comment_status":"closed","ping_status":"closed","template":"","meta":{"ngg_post_thumbnail":0,"footnotes":""},"class_list":["post-1252","page","type-page","status-publish","hentry"],"_links":{"self":[{"href":"https:\/\/ifage-grund.de\/wp\/index.php?rest_route=\/wp\/v2\/pages\/1252","targetHints":{"allow":["GET"]}}],"collection":[{"href":"https:\/\/ifage-grund.de\/wp\/index.php?rest_route=\/wp\/v2\/pages"}],"about":[{"href":"https:\/\/ifage-grund.de\/wp\/index.php?rest_route=\/wp\/v2\/types\/page"}],"author":[{"embeddable":true,"href":"https:\/\/ifage-grund.de\/wp\/index.php?rest_route=\/wp\/v2\/users\/1"}],"replies":[{"embeddable":true,"href":"https:\/\/ifage-grund.de\/wp\/index.php?rest_route=%2Fwp%2Fv2%2Fcomments&post=1252"}],"version-history":[{"count":3,"href":"https:\/\/ifage-grund.de\/wp\/index.php?rest_route=\/wp\/v2\/pages\/1252\/revisions"}],"predecessor-version":[{"id":1258,"href":"https:\/\/ifage-grund.de\/wp\/index.php?rest_route=\/wp\/v2\/pages\/1252\/revisions\/1258"}],"wp:attachment":[{"href":"https:\/\/ifage-grund.de\/wp\/index.php?rest_route=%2Fwp%2Fv2%2Fmedia&parent=1252"}],"curies":[{"name":"wp","href":"https:\/\/api.w.org\/{rel}","templated":true}]}}